{"id":914,"date":"2026-01-08T18:31:21","date_gmt":"2026-01-08T17:31:21","guid":{"rendered":"https:\/\/cerhom.fr\/?page_id=914"},"modified":"2026-04-27T20:00:40","modified_gmt":"2026-04-27T18:00:40","slug":"cancer-du-penis","status":"publish","type":"page","link":"https:\/\/cerhom.fr\/index.php\/cancer-du-penis\/","title":{"rendered":"P\u00e9nis"},"content":{"rendered":"<div class=\"\" style=\"\" >\n    \n    <section class=\"u-align-center u-clearfix u-container-align-center u-palette-5-light-3 u-section-2\" id=\"block-3\">\n      <div class=\"u-clearfix u-sheet u-valign-middle-xl u-valign-top-lg u-valign-top-sm u-sheet-1\">\n        <h1 class=\"u-text u-text-default u-text-1\">Information utiles<\/h1>\n        <div class=\"u-accordion u-expanded-width u-spacing-15 u-accordion-1\" role=\"tablist\">\n          <div class=\"u-accordion-item u-accordion-item-1\">\n            <a class=\"active u-accordion-link u-active-white u-button-style u-hover-white u-text-active-custom-color-14 u-text-hover-custom-color-14 u-white u-accordion-link-1\" id=\"link-accordion-0781\" aria-controls=\"accordion-0781\" aria-selected=\"true\" role=\"tab\"><span class=\"u-accordion-link-text\"> Les points cl\u00e9s - Cancer du p\u00e9nis<\/span><span class=\"u-accordion-link-icon u-icon u-text-grey-40 u-icon-1\"><svg class=\"u-svg-link\" preserveAspectRatio=\"xMidYMin slice\" viewBox=\"0 0 42 42\" style=\"\"><use xmlns:xlink=\"http:\/\/www.w3.org\/1999\/xlink\" xlink:href=\"#svg-d827\"><\/use><\/svg><svg xmlns=\"http:\/\/www.w3.org\/2000\/svg\" xmlns:xlink=\"http:\/\/www.w3.org\/1999\/xlink\" version=\"1.1\" xml:space=\"preserve\" class=\"u-svg-content\" viewBox=\"0 0 42 42\" x=\"0px\" y=\"0px\" id=\"svg-d827\" style=\"enable-background:new 0 0 42 42;\"><polygon points=\"42,20 22,20 22,0 20,0 20,20 0,20 0,22 20,22 20,42 22,42 22,22 42,22 \"><\/polygon><\/svg><\/span>\n            <\/a>\n            <div class=\"u-accordion-active u-accordion-pane u-container-style u-white u-accordion-pane-1\" id=\"accordion-0781\" aria-labelledby=\"link-accordion-0781\" role=\"tabpanel\">\n              <div class=\"u-container-layout u-container-layout-1\">\n                <img decoding=\"async\" class=\"u-image u-image-contain u-image-default u-image-1\" src=\"https:\/\/cerhom.fr\/wp-content\/uploads\/2026\/01\/Schemacncerpenis.png\" alt=\"\" data-image-width=\"685\" data-image-height=\"937\">\n                <p class=\"u-text u-text-2\"> Le cancer du p\u00e9nis est un cancer masculin rare, mais r\u00e9el, qui touche principalement les hommes de plus de 50 ans, tout en pouvant survenir \u00e0 tout \u00e2ge.<br>\n                  <br>&nbsp;Encore peu connu et souvent tabou, il est pourtant largement \u00e9vitable lorsqu\u2019il est d\u00e9tect\u00e9 t\u00f4t et pris en charge rapidement.&nbsp;<br>\n                  <br>Chez CerHom, nous consid\u00e9rons que l\u2019information, la pr\u00e9vention et la lib\u00e9ration de la parole sont essentielles pour am\u00e9liorer le diagnostic pr\u00e9coce et l\u2019accompagnement des patients.\n                <\/p>\n                <p class=\"u-text u-text-custom-color-34 u-text-3\"> Qu\u2019est-ce que le cancer du p\u00e9nis ?<br>\n                <\/p>\n                <p class=\"u-text u-text-4\">Le cancer du p\u00e9nis correspond au d\u00e9veloppement d\u2019une tumeur maligne au niveau :<\/p>\n                <ul class=\"u-text u-text-5\">\n                  <li><span style=\"font-size: 0.875rem;\"><\/span>du gland,\n                  <\/li>\n                  <li>du pr\u00e9puce,<\/li>\n                  <li>ou plus rarement du corps du p\u00e9nis.<\/li>\n                <\/ul>\n                <p class=\"u-text u-text-6\"> Dans la majorit\u00e9 des cas, il s\u2019agit d\u2019un carcinome \u00e9pidermo\u00efde, un cancer qui se d\u00e9veloppe \u00e0 partir des cellules de la peau.<br>\n                  <br>&nbsp;Cette maladie \u00e9volue souvent lentement, ce qui rend la d\u00e9tection pr\u00e9coce d\u00e9terminante pour la qualit\u00e9 de la prise en charge.&nbsp;\n                <\/p>\n              <\/div>\n            <\/div>\n          <\/div>\n          <div class=\"u-accordion-item u-accordion-item-2\">\n            <a class=\"u-accordion-link u-active-white u-button-style u-hover-white u-text-active-custom-color-14 u-text-hover-custom-color-14 u-white u-accordion-link-2\" id=\"link-260e\" aria-controls=\"260e\" aria-selected=\"false\" role=\"tab\"><span class=\"u-accordion-link-text\"> Pourquoi CERHOM soutient la vaccination des jeunes gar\u00e7ons contre le papillomavirus (HPV) <\/span><span class=\"u-accordion-link-icon u-icon u-text-grey-40 u-icon-2\"><svg class=\"u-svg-link\" preserveAspectRatio=\"xMidYMin slice\" viewBox=\"0 0 42 42\" style=\"\"><use xmlns:xlink=\"http:\/\/www.w3.org\/1999\/xlink\" xlink:href=\"#svg-1e64\"><\/use><\/svg><svg xmlns=\"http:\/\/www.w3.org\/2000\/svg\" xmlns:xlink=\"http:\/\/www.w3.org\/1999\/xlink\" version=\"1.1\" xml:space=\"preserve\" class=\"u-svg-content\" viewBox=\"0 0 42 42\" x=\"0px\" y=\"0px\" id=\"svg-1e64\" style=\"enable-background:new 0 0 42 42;\"><polygon points=\"42,20 22,20 22,0 20,0 20,20 0,20 0,22 20,22 20,42 22,42 22,22 42,22 \"><\/polygon><\/svg><\/span>\n            <\/a>\n            <div class=\"u-accordion-pane u-container-style u-white u-accordion-pane-2\" id=\"260e\" aria-labelledby=\"link-260e\" role=\"tabpanel\">\n              <div class=\"u-container-layout u-container-layout-2\">\n                <p class=\"u-text u-text-7\"> Le papillomavirus humain (HPV) est l\u2019infection sexuellement transmissible la plus fr\u00e9quente au monde. On estime que 80 % des personnes sexuellement actives seront expos\u00e9es au HPV au cours de leur vie. Contrairement \u00e0 une id\u00e9e re\u00e7ue, le HPV ne concerne pas uniquement les femmes : il peut provoquer des cancers chez les hommes \u00e9galement, notamment des cancers de la gorge, de l\u2019anus et du p\u00e9nis.<\/p>\n                <p class=\"u-text u-text-custom-color-34 u-text-8\"> Des chiffres qui parlent&nbsp; &nbsp;&nbsp;<br>\n                <\/p>\n                <p class=\"u-text u-text-9\">En France, chaque ann\u00e9e :&nbsp;<\/p>\n                <img decoding=\"async\" class=\"custom-expanded u-image u-image-contain u-image-default u-image-2\" src=\"https:\/\/cerhom.fr\/wp-content\/uploads\/2026\/04\/image-3.png\" alt=\"\" data-image-width=\"1280\" data-image-height=\"853\">\n                <ul class=\"u-text u-text-10\">\n                  <li><span style=\"font-size: 0.875rem;\"><\/span>6 400 nouveaux cas de cancers sont li\u00e9s au HPV, dont environ 1 800 chez les hommes.&nbsp;\n                  <\/li>\n                  <li>Plus de 1 000 hommes d\u00e9veloppent un cancer de l\u2019oropharynx (gorge) li\u00e9 au HPV.&nbsp;<\/li>\n                  <li>Le HPV est responsable de plus de 90 % des cancers du col de l\u2019ut\u00e9rus chez les femmes.<\/li>\n                <\/ul>\n                <p class=\"u-text u-text-11\"> La vaccination des filles a \u00e9t\u00e9 introduite en France en 2007, mais la couverture vaccinale reste insuffisante. Chez les gar\u00e7ons, elle est encore plus faible : en 2023, seulement 13 % des gar\u00e7ons de 15 ans \u00e9taient vaccin\u00e9s, contre 41 % des filles.<\/p>\n                <p class=\"u-text u-text-custom-color-34 u-text-12\"> Pourquoi vacciner les gar\u00e7ons ?<br>\n                <\/p>\n                <p class=\"u-text u-text-default-lg u-text-default-xl u-text-13\"><span style=\"font-style: italic;\">1. Pour les prot\u00e9ger eux-m\u00eames : <\/span>Le vaccin prot\u00e8ge contre les cancers caus\u00e9s par les types de HPV \u00e0 haut risque, notamment les cancers de la gorge, de l\u2019anus et du p\u00e9nis. Il pr\u00e9vient aussi les verrues g\u00e9nitales, tr\u00e8s fr\u00e9quentes.&nbsp;<br>\n                  <br><span style=\"font-style: italic;\">2. Pour casser la cha\u00eene de transmission : <\/span>Le HPV se transmet par simple contact intime. En vaccinant les gar\u00e7ons avant les premiers rapports sexuels, on r\u00e9duit consid\u00e9rablement la circulation du virus, et donc le risque d\u2019infection chez les partenaires, notamment les jeunes filles.&nbsp;<br>\n                  <br><span style=\"font-style: italic;\">3. Pour l\u2019\u00e9galit\u00e9 face \u00e0 la pr\u00e9vention :<\/span> La vaccination ne doit pas \u00eatre r\u00e9serv\u00e9e aux filles. Prot\u00e9ger les gar\u00e7ons, c\u2019est reconna\u00eetre qu\u2019ils sont \u00e9galement concern\u00e9s et responsables de la transmission. C\u2019est aussi leur offrir une pr\u00e9vention \u00e9quitable. \n                <\/p>\n                <p class=\"u-text u-text-custom-color-34 u-text-14\"> Un vaccin s\u00fbr et efficace&nbsp;&nbsp;<br>\n                <\/p>\n                <p class=\"u-text u-text-default-lg u-text-default-md u-text-default-sm u-text-default-xl u-text-15\">Les vaccins contre le HPV sont utilis\u00e9s depuis plus de 15 ans dans le monde. Ils ont d\u00e9montr\u00e9 une efficacit\u00e9 remarquable, avec des pays comme l\u2019Australie, qui a quasiment \u00e9limin\u00e9 le cancer du col de l\u2019ut\u00e9rus gr\u00e2ce \u00e0 une couverture vaccinale \u00e9lev\u00e9e chez les filles et les gar\u00e7ons.             ---   CERHOM agit pour une pr\u00e9vention inclusive&nbsp;<br>\n                  <br>En tant qu\u2019association engag\u00e9e dans la sant\u00e9 masculine et la lutte contre les cancers, CERHOM encourage vivement la vaccination des jeunes gar\u00e7ons d\u00e8s 11 ans. Une pr\u00e9vention \u00e9largie et \u00e9galitaire permet de mieux prot\u00e9ger toute la population, et de tendre vers une g\u00e9n\u00e9ration sans cancers li\u00e9s au HPV.   \nParlons-en avec vos enfants, vos proches, vos professionnels de sant\u00e9. La pr\u00e9vention, c\u2019est maintenant.<br>\n                  <br>\n                  <br>\n                <\/p>\n              <\/div>\n            <\/div>\n          <\/div>\n        <\/div>\n      <\/div>\n    <\/section>\n    <section class=\"u-clearfix u-section-3\" id=\"block-7\">\n      <div class=\"u-clearfix u-sheet u-valign-middle u-sheet-1\">\n        <div class=\"u-color-var u-radius u-shape u-shape-round u-shape-1\"><\/div>\n        <h1 class=\"u-text u-text-black u-text-1\">Quels sont les sympt\u00f4mes ?<\/h1>\n      <\/div>\n    <\/section>\n    <section class=\"u-clearfix u-section-4\" id=\"block-6\">\n      <div class=\"u-clearfix u-sheet u-valign-middle-lg u-valign-middle-sm u-valign-middle-xl u-sheet-1\">\n        <p class=\"u-text u-text-custom-color-34 u-text-1\"> Quels sont les sympt\u00f4mes du cancer du p\u00e9nis ?<br>\n        <\/p>\n        <p class=\"u-text u-text-2\">Les sympt\u00f4mes peuvent appara\u00eetre progressivement et \u00eatre peu douloureux au d\u00e9but. Il est important de consulter en cas de :<\/p>\n        <ul class=\"u-text u-text-3\">\n          <li> Plaie, ulc\u00e9ration ou l\u00e9sion qui ne cicatrise pas<\/li>\n          <li>Apparition d\u2019un bouton, d\u2019une masse ou d\u2019un \u00e9paississement<\/li>\n          <li>Saignement inhabituel<\/li>\n          <li>Douleur ou g\u00eane persistante<\/li>\n          <li>Mauvaise odeur locale persistante<\/li>\n          <li>Modification de l\u2019aspect du gland ou du pr\u00e9puce<\/li>\n        <\/ul>\n        <p class=\"u-text u-text-4\">&#x26a0;&#xfe0f; Toute l\u00e9sion persistante au-del\u00e0 de deux \u00e0 trois semaines doit amener \u00e0 consulter un professionnel de sant\u00e9.<\/p>\n        <img decoding=\"async\" class=\"u-expanded-width-xs u-image u-image-default u-image-1\" src=\"https:\/\/cerhom.fr\/wp-content\/uploads\/2026\/04\/image.png\" alt=\"\" data-image-width=\"720\" data-image-height=\"484\">\n      <\/div>\n    <\/section>\n    <section class=\"u-clearfix u-color-var u-section-5\" id=\"block-8\">\n      <div class=\"u-clearfix u-sheet u-valign-middle-lg u-valign-middle-md u-valign-middle-sm u-sheet-1\">\n        <div class=\"u-color-var u-radius u-shape u-shape-round u-shape-1\"><\/div>\n        <h1 class=\"u-text u-text-black u-text-default u-text-1\">Les facteurs de risque<\/h1>\n      <\/div>\n    <\/section>\n    <section class=\"u-clearfix u-color-var u-section-6\" id=\"block-4\">\n      <div class=\"u-clearfix u-sheet u-valign-middle-lg u-valign-middle-md u-valign-middle-sm u-sheet-1\">\n        <p class=\"u-text u-text-1\">Plusieurs facteurs peuvent augmenter le risque de d\u00e9velopper un cancer du p\u00e9nis :<\/p>\n        <ul class=\"u-text u-text-2\">\n          <li>Hygi\u00e8ne intime insuffisante<\/li>\n          <li>Infection persistante par le papillomavirus humain (HPV)<\/li>\n          <li>Tabagisme<\/li>\n          <li>Phimosis (difficult\u00e9 ou impossibilit\u00e9 de d\u00e9calotter le gland)<\/li>\n          <li>Inflammations ou l\u00e9sions chroniques non trait\u00e9es<\/li>\n          <li>\u00c2ge avanc\u00e9<\/li>\n        <\/ul>\n        <p class=\"u-text u-text-3\">Une pr\u00e9vention adapt\u00e9e et une surveillance r\u00e9guli\u00e8re permettent de r\u00e9duire fortement ces risques.<\/p>\n      <\/div>\n    <\/section>\n    <section class=\"u-clearfix u-section-7\" id=\"block-9\">\n      <div class=\"u-clearfix u-sheet u-valign-middle-lg u-valign-middle-sm u-sheet-1\">\n        <div class=\"u-color-var u-radius u-shape u-shape-round u-shape-1\"><\/div>\n        <h1 class=\"u-text u-text-black u-text-default-lg u-text-default-md u-text-default-sm u-text-default-xl u-text-1\">Diagnostic et Traitements<\/h1>\n      <\/div>\n    <\/section>\n    <section class=\"u-clearfix u-section-8\" id=\"block-10\">\n      <div class=\"u-clearfix u-sheet u-valign-middle-lg u-valign-middle-md u-valign-middle-sm u-valign-middle-xs u-sheet-1\">\n        <p class=\"u-text u-text-custom-color-34 u-text-1\"> Comment est pos\u00e9 le diagnostic ?<br>\n        <\/p>\n        <p class=\"u-text u-text-2\"> Le diagnostic repose sur :<\/p>\n        <ul class=\"u-text u-text-3\">\n          <li> un examen clinique r\u00e9alis\u00e9 par un m\u00e9decin ou un urologue,<\/li>\n          <li>une biopsie pour confirmer la nature canc\u00e9reuse de la l\u00e9sion,<\/li>\n          <li>des examens d\u2019imagerie si n\u00e9cessaire afin d\u2019\u00e9valuer l\u2019extension de la maladie.<\/li>\n        <\/ul>\n        <p class=\"u-text u-text-4\"> Un diagnostic pr\u00e9coce permet d\u2019envisager des traitements plus simples et moins invasifs.<\/p>\n        <p class=\"u-text u-text-custom-color-34 u-text-5\"> Quels sont les traitements possibles ?<br>\n        <\/p>\n        <p class=\"u-text u-text-6\"> Le traitement du cancer du p\u00e9nis d\u00e9pend du stade de la maladie :<\/p>\n        <ul class=\"u-text u-text-7\">\n          <li> traitements locaux (laser, chirurgie limit\u00e9e) aux stades pr\u00e9coces<\/li>\n          <li>chirurgie plus \u00e9tendue si n\u00e9cessaire<\/li>\n          <li>radioth\u00e9rapie<\/li>\n          <li>chimioth\u00e9rapie dans les formes avanc\u00e9es<\/li>\n        <\/ul>\n        <p class=\"u-text u-text-8\"> L\u2019objectif principal est de traiter efficacement le cancer tout en pr\u00e9servant au maximum la fonction et la qualit\u00e9 de vie.<\/p>\n      <\/div>\n    <\/section>\n    <section class=\"u-clearfix u-color-var u-section-9\" id=\"block-11\">\n      <div class=\"u-clearfix u-sheet u-valign-middle-lg u-valign-middle-md u-valign-middle-sm u-valign-middle-xl u-sheet-1\">\n        <div class=\"u-color-var u-radius u-shape u-shape-round u-shape-1\"><\/div>\n        <h1 class=\"u-text u-text-black u-text-default u-text-1\">Documentation<\/h1>\n      <\/div>\n    <\/section>\n    <section class=\"u-clearfix u-color-var u-section-10\" id=\"block-5\">\n      <div class=\"u-clearfix u-sheet u-valign-middle-lg u-valign-middle-md u-valign-middle-sm u-valign-middle-xs u-sheet-1\">\n        <img decoding=\"async\" class=\"u-border-2 u-border-color-var u-image u-image-default u-image-1\" src=\"https:\/\/cerhom.fr\/wp-content\/uploads\/2026\/01\/Capturedecran2026-01-08a18.22.36.png\" alt=\"\" data-image-width=\"702\" data-image-height=\"512\" data-href=\"https:\/\/drive.google.com\/file\/d\/1j7Fu9OkycL5_gMFNEH-4KeVlrcYdhpn9\/view?usp=sharing\">\n        <a href=\"https:\/\/en-www.cancer.fr\/toute-l-information-sur-les-cancers\/comprendre-les-cancers\/epidemiologie-et-donnees-en-cancerologie\/les-donnees-sur-les-cancers\/survie-des-personnes-atteintes-de-cancer-en-france-metropolitaine\/tumeurs-solides\/penis\" class=\"u-border-none u-btn u-button-style u-custom-color-26 u-hover-custom-color-27 u-btn-1\">Lire l'article<\/a>\n      <\/div>\n    <\/section>\n    <section class=\"u-clearfix u-section-11\" id=\"block-2\">\n      <div class=\"u-clearfix u-sheet u-sheet-1\">\n        <div class=\"u-color-var u-radius u-shape u-shape-round u-shape-1\"><\/div>\n        <h1 class=\"u-text u-text-default u-text-1\">T\u00e9moignages<\/h1>\n        <div class=\"u-expanded-width u-tab-links-align-justify u-tabs u-tabs-1\">\n          <ul class=\"u-spacing-4 u-tab-list u-unstyled\" role=\"tablist\"><li class=\"u-tab-item\" role=\"presentation\"><a class=\"active u-active-custom-color-14 u-border-2 u-border-custom-color-14 u-button-style u-custom-color-26 u-hover-custom-color-14 u-radius-10 u-tab-link u-text-active-white u-text-body-color u-text-hover-white u-tab-link-1\" id=\"link-tab-fee0\" href=\"#tab-fee0\" role=\"tab\" aria-controls=\"tab-fee0\" aria-selected=\"true\">Pauline<\/a>\n<\/li><li class=\"u-tab-item\" role=\"presentation\"><a class=\"u-active-custom-color-14 u-border-2 u-border-custom-color-14 u-button-style u-custom-color-26 u-hover-custom-color-14 u-radius-10 u-tab-link u-text-active-white u-text-body-color u-text-hover-white u-tab-link-2\" id=\"link-tab-4599\" href=\"#tab-4599\" role=\"tab\" aria-controls=\"tab-4599\" aria-selected=\"false\">Christian<\/a>\n<\/li><li class=\"u-tab-item\" role=\"presentation\"><a class=\"u-active-custom-color-14 u-border-2 u-border-custom-color-14 u-button-style u-custom-color-26 u-hover-custom-color-14 u-radius-10 u-tab-link u-text-active-white u-text-body-color u-text-hover-white u-tab-link-3\" id=\"link-tab-3774\" href=\"#tab-3774\" role=\"tab\" aria-controls=\"tab-3774\" aria-selected=\"false\">Ironman<\/a>\n<\/li><li class=\"u-tab-item\" role=\"presentation\"><a class=\"u-active-custom-color-14 u-border-2 u-border-custom-color-14 u-button-style u-custom-color-26 u-hover-custom-color-14 u-radius-10 u-tab-link u-text-active-white u-text-body-color u-text-hover-white u-tab-link-4\" id=\"link-tab-90b5\" href=\"#tab-90b5\" role=\"tab\" aria-controls=\"tab-90b5\" aria-selected=\"false\">Marina<\/a>\n<\/li><\/ul>\n          <div class=\"u-tab-content\">\n            <div class=\"u-container-style u-shape-rectangle u-tab-active u-tab-pane u-tab-pane-1\" id=\"tab-fee0\" role=\"tabpanel\" aria-labelledby=\"link-tab-fee0\">\n              <div class=\"u-container-layout u-container-layout-1\">\n                <p class=\"u-align-left u-text u-text-default u-text-2\"><span style=\"font-weight: 700;\"> T\u00e9moignage Aidant<\/span>\n                  <br>\n                  <br>Bonjour \u00e0 tous, je m'appelle Pauline. Je suis la compagne de Maxence, d\u00e9c\u00e9d\u00e9 en Novembre 2015 d'un cancer du testicule. J'ai enregistr\u00e9 cette vid\u00e9o quelques semaines apr\u00e8s la disparition de Maxence afin d'apporter notre t\u00e9moignage et surtout pour insister sur la pr\u00e9vention de ce cancer qui est primordiale. Parce que si nous avions \u00e9t\u00e9 inform\u00e9s, nous n'aurions pas laiss\u00e9 la maladie s'installer... Alors je voulais, avec mes petits moyens, essayer de sensibiliser les hommes c\u2019est ce que Maxence aurait voulu.&nbsp;\n                <\/p>\n              <\/div>\n            <\/div>\n            <div class=\"u-container-align-left u-container-style u-shape-rectangle u-tab-pane u-tab-pane-2\" id=\"tab-4599\" role=\"tabpanel\" aria-labelledby=\"link-tab-4599\">\n              <div class=\"u-container-layout u-valign-top-lg u-valign-top-md u-valign-top-sm u-valign-top-xs u-container-layout-2\">\n                <p class=\"u-align-left u-text u-text-default u-text-3\"><span style=\"font-size: 1.25rem; font-weight: 700;\"> T\u00e9moignage Patient<\/span>\n                  <br>&nbsp;<br>Un soir, j\u2019ai remarqu\u00e9 une grosseur dure et indolore sur un testicule \u00e0 la\npalpation en sortant de la douche. Ce geste j\u2019ai commenc\u00e9 \u00e0 le pratiquer\nquelques mois plus t\u00f4t suite au cancer des testicules de mon fr\u00e8re. Avec le\nrecul je me dis que c\u2019est \u00e7a qui m\u2019a sauv\u00e9.&nbsp;<br>\n                  <br>Ce soir l\u00e0, inconsciemment j\u2019ai tout de suite\nsu ce que j\u2019avais. Je ne voulais pas y croire mais quelques semaines plus tard\nle verdict est tomb\u00e9... et ce fut encore pire que ce que je pensais : cancer\ndes testicules... des deux, bilat\u00e9ral comme les m\u00e9decins l\u2019appellent... comme\nmon fr\u00e8re.&nbsp;<br>\n                  <br>Rapidement orchidectomie totale puis on me\nsugg\u00e8re une orchidectomie partielle car les marqueurs tumoraux ne sont pas\nretomb\u00e9s. J\u2019accepte avec angoisse de me r\u00e9veiller sans testicule. Je vais en\ngarder un morceau que les m\u00e9decins voulaient me retirer apr\u00e8s l\u2019analyse de la\n2\u1d49 tumeur\u2026&nbsp;<br>\n                  <br>Vivre sans testicule n\u2019\u00e9tait pas\nenvisageable pour moi \u00e0 ce moment pr\u00e9cis... surtout qu\u2019une chimioth\u00e9rapie (3\ncycles de BEP) m\u2019attendait dans la foul\u00e9e\u2026\nJ\u2019ai alors demand\u00e9 un second avis et \u00e7a a\n\u00e9t\u00e9 le tournant dans mon combat : il n\u2019y avait pas d\u2019urgence \u00e0 me retirer mon\nrestant testiculaire. Ouf je vais pouvoir d\u00e9marrer ma chimioth\u00e9rapie\n\u201csereinement\u201d. Ces montagnes russes \u00e9motionnelles ont constitu\u00e9 le moment le\nplus difficile de la maladie.&nbsp;<br>\n                  <br>Qu\u2019allais-je faire sans testicule, vais-je\npouvoir avoir des rapports sexuels naturels ? Sacr\u00e9e tornade et finalement la\nchance de pouvoir conserver ce qu\u2019il me reste.\nQuelques semaines de traitement entour\u00e9es de\nmes proches et quelques mois de fatigue et de prise de conscience de mon\nnouveau corps et de mes nouvelles capacit\u00e9s et me voil\u00e0 au boulot \u00e0 nouveau\ndans la vie des autres.&nbsp;<br>\n                  <br>Aujourd\u2019hui je suis en r\u00e9mission, avec une\nvie sexuelle compl\u00e8tement normale, sans traitement hormonal m\u00eame avec un\ndemi-testicule endommag\u00e9. C\u2019est assez incroyable, je n\u2019ai pas d\u2019injection de\ntestost\u00e9rone, et j\u2019ai une vie normale. Je suis capable d\u2019avoir les m\u00eames\nrelations sexuelles qu\u2019avant ! Je ne sens aucune diff\u00e9rence.&nbsp;<br>\n                  <br>J\u2019ai profit\u00e9 du temps que j\u2019avais lors de ce\ncombat pour aussi me poser les questions sur la vie que je m\u00e8ne, ma relation\navec ma famille, mes amis... Les difficult\u00e9s ont, \u00e0 partir d\u2019un moment,\nconstitu\u00e9 des opportunit\u00e9s \u00e0 saisir pour pr\u00e9parer la r\u00e9mission et faire en\nsorte de sortir grandi de cette parenth\u00e8se.&nbsp;<br>\n                  <br>Aujourd\u2019hui, nous sommes plus soud\u00e9s que\njamais et je me sens beaucoup mieux dans mes baskets qu\u2019avant la maladie.&nbsp; &nbsp; &nbsp;\n                <\/p>\n              <\/div>\n            <\/div>\n            <div class=\"u-container-align-left u-container-style u-shape-rectangle u-tab-pane u-tab-pane-3\" id=\"tab-3774\" role=\"tabpanel\" aria-labelledby=\"link-tab-3774\">\n              <div class=\"u-container-layout u-valign-top-lg u-valign-top-md u-valign-top-sm u-valign-top-xs u-container-layout-3\">\n                <p class=\"u-align-left u-text u-text-default u-text-4\"><span style=\"font-weight: 700; font-size: 1.25rem;\">T\u00e9moignage Patient<\/span>\n                  <br>\n                  <br>Je suis un ancien patient de karim Fizazi avec lequel j'ai gard\u00e9 des relations amicales. J'ai eu un cancer du testicule en 2001. J'ai 36 ans. Professionnel de sant\u00e9 pr\u00e8s du Havre (je suis biologiste m\u00e9dical), je n'ai pas le temps de m'occuper de moi. Quand je daigne aller voir mon coll\u00e8gue urologue, le diagnostic est imm\u00e9diat et le bilan d\u2019extension est d\u00e9j\u00e0 important.&nbsp;<br>\n                  <br>Je consulte \u00e0 l\u2019IGR un jeune m\u00e9decin : le Dr Karim Fizazi qui avalise les protocoles et permet gr\u00e2ce \u00e0 un relais de l\u2019IGR sur le Havre que je poursuive les traitements \u00e0 l\u2019h\u00f4pital Monnod au Havre pr\u00e8s de chez moi.&nbsp;<br>\n                  <br>Chirurgie castratrice, premi\u00e8re cycle de chimio. \u00c9chec imm\u00e9diat. 2eme Chimio de rattrapage. \u00c9chec. Mes m\u00e9tastases ganglionnaires sont tr\u00e8s rebelles aux traitements. Un scanner c\u00e9r\u00e9bral m'annonce une volumineuse m\u00e9tastase au cerveau... Mes 3 enfants ont 2, 5 et 8 ans. Je commence \u00e0 ne plus y croire.&nbsp;<br>\n                  <br>Un IRM de confirmation m'annonce enfin une bonne nouvelle. Il ne s'agit que d'une malformation vasculaire b\u00e9nigne : un angiome.\nD\u00e9sormais les traitements auront lieu \u00e0 l\u2019IGR. Cela ne facilite pas la vie de mon \u00e9pouse qui tient toute la famille \u00e0 bout de bras. Mes deux petits ne se rendent pas compte de grand chose. L\u2019a\u00een\u00e9 en revanche subit. Il en restera toujours quelque chose.&nbsp;<br>\n                  <br>Nouvelle sanction chirurgicale avec un curage ganglionnaire en juillet 2002. Les biopsies sont positives. Les cellules sont toujours l\u00e0 et r\u00e9sistantes.&nbsp;<br>\n                  <br>Karim me propose un traitement exp\u00e9rimental. \u00e7a commence \u00e0 sentir vraiment mauvais. Mon \u00e9tat g\u00e9n\u00e9ral reste bon mais je fatigue des agressions des traitements anticanc\u00e9reux mais aussi des facteurs de croissances. j'ai de la chance, je suis jeune et robuste ; J'encaisse. Je subis les effets secondaires du cisplatyl avec des acouph\u00e8nes importants et une perte d'audition nette difficilement appareillable. Je tra\u00eene ce petit cadeau 10 ans plus tard d'ailleurs. Le troisi\u00e8me cycle est un \u00e9chec.\nKarim m'annonce qu\u2019il n'y a plus grand chose \u00e0 tenter en traitement traditionnel. Il va falloir essayer le tout pour le tout sous la forme d'une intensification de chimioth\u00e9rapie avec greffe de moelle. A faire deux fois.&nbsp;<br>\n                  <br>J\u2019avoue ne pas y croire. Mon cancer qui avait un bon pronostic d\u00e9fie toutes les statistiques. Internet a ceci de formidable, c\u2019est qu\u2019il est facile d\u2019y voir son pronostic de gu\u00e9rison s\u2019amenuiser pour descendre \u00e0 quelques %.\nLes pr\u00e9l\u00e8vements de moelle commencent, mon organisme est fatigu\u00e9. Il n'y a de quoi faire qu'une seule greffe.&nbsp;<br>\n                  <br>Premier d\u00e9cembre 2002, je rentre en unit\u00e9 de soin \u00e0 l\u2019IGR. Les traitements sont terribles, souffrance, \u00e9puisement, affaiblissement. Apr\u00e8s 3 semaines de traitement et ma greffe je ressors le 24 d\u00e9cembre. Je marche avec difficult\u00e9. Mon \u00e9pouse m'aide. Je r\u00e9veillonnerai d'un coca et d'une salade ma\u00efs poulet industrielle st\u00e9rile. Pourtant quel bonheur je suis dehors !\nEncore un mois et demi de convalescence. Je r\u00e9cup\u00e8re rapidement.&nbsp;<br>\n                  <br>F\u00e9vrier 2003 Une nouvelle sanction chirurgicale m\u2019attend \u00e0 Marie Lannelongue sous la forme d\u2019un grand curage ganglionnaire avec ouverture compl\u00e8te de l\u2019abdomen. Alors \u00e7a, \u00e7a fait tr\u00e8s tr\u00e8s mal en suite op\u00e9ratoire !\nJe vais y rester une dizaine de jours. Au moment de ma sortie, le m\u00e9decin du service vient me voir et m\u2019annonce que l\u2019analyse anapath des ganglions pr\u00e9lev\u00e9s est favorable. Il n\u2019y a plus de cellules canc\u00e9reuses vivantes.\nJe pleure...&nbsp;<br>\n                  <br>Au cours des ann\u00e9es qui vont suivre, je continue de consulter le Dr Fizazi devenu Professeur. J'ai beaucoup de reconnaissance, d\u2019amiti\u00e9 pour lui. Les scanners et dosages des marqueurs se succ\u00e8dent. Au d\u00e9but avec beaucoup d\u2019anxi\u00e9t\u00e9 puis j\u2019en suis persuad\u00e9, je suis gu\u00e9ri. Mes rechutes \u00e9taient imm\u00e9diates. Je n\u2019ai plus rien.&nbsp;<br>\n                  <br>En 2012 le suivi s\u2019arr\u00eate. Nous nous envoyons nos v\u0153ux avec Karim. C\u2019est lui d\u2019ailleurs qui m\u2019a orient\u00e9 vers l\u2019association. En 2012, afin de perdre un peu de poids que j'ai rapidement repris apr\u00e8s mes traitements, je d\u00e9cide de me remettre au sport. Un peu de course \u00e0 pied puis de v\u00e9lo.\nApr\u00e8s tout je suis un ancien nageur ; pourquoi pas le triathlon.&nbsp;<br>\n                  <br>A 20 ans j\u2019\u00e9tais fascin\u00e9 par les premiers reportages t\u00e9l\u00e9vis\u00e9s sur l\u2019ironman de Nice. Mark Allen \u00e9tait mon H\u00e9ros.\nJe participe \u00e0 quelques courses de faibles distances. Je persiste, m\u2019exerce, rentre dans un club, me licencie. Gr\u00e2ce \u00e0 mon e-entra\u00eeneur Guy Hemmerlin je m\u2019am\u00e9liore en performance mais \u00e9galement en endurance.&nbsp;<br>\n                  <br>Le 6 juillet 2014 je deviens \u00e0 Frankfort un IRONMAN apr\u00e8s 3.8 km de natation, 180 km de v\u00e9lo suivi d\u2019un marathon en 11h45.\nVoil\u00e0 mon t\u00e9moignage. M\u00eame quand tout semble compromis il faut lutter et tout est possible.&nbsp;<br>\n                  <br>Le 12 juillet je renouvellerai la tentative \u00e0 Roth sur le m\u00eame format. C\u2019est avec plaisir que je courrai sous les couleurs de l\u2019association et\/ou de l'IGR.\nDe m\u00eame, je vais essayer de d\u00e9crocher une place pour le championnat du monde Ironman \u00e0 Hawaii 2015 pour mes 50 ans.&nbsp;<br>\n                  <br>Mes performances ne me permettent pas d\u2019obtenir le s\u00e9same selon le mode de qualification usuel. N\u00e9anmoins des dossards sont attribu\u00e9s sur de belles histoires. Je monte un dossier. Votre soutien serait un plus...\nJe vous remercie de l\u2019attention qui a \u00e9t\u00e9 la v\u00f4tre si vous \u00eates arriv\u00e9s jusqu\u2019au bout de ce texte.&nbsp;<br>\n                  <br>Bien cordialement,<span style=\"font-style: italic;\">\n                    <br>P. Leluan&nbsp;<\/span>\n                <\/p>\n              <\/div>\n            <\/div>\n            <div class=\"u-container-align-left u-container-style u-shape-rectangle u-tab-pane u-tab-pane-4\" id=\"tab-90b5\" role=\"tabpanel\" aria-labelledby=\"link-tab-90b5\">\n              <div class=\"u-container-layout u-valign-top-lg u-valign-top-md u-valign-top-sm u-valign-top-xs u-container-layout-4\">\n                <p class=\"u-align-left u-text u-text-default u-text-5\"><span style=\"font-weight: 700; font-size: 1.25rem;\"> T\u00e9moignage Aidant<\/span>\n                  <br>\n                  <br>Je me pr\u00e9nomme Marina et je suis mari\u00e9e \u00e0 Yves. Mon \u00e9poux a \u00e9t\u00e9 atteint d\u2019un cancer du testicule \u00e0 l\u2019\u00e2ge de 33 ans, il y a donc 11 ann\u00e9es.&nbsp;<br>\n                  <br>Je voulais faire part de mes constatations relatives \u00e0 l\u2019impact du traitement sur son alimentation.\nQuand on parle de chimio, la premi\u00e8re image qui nous vient est celle de personnes ayant des naus\u00e9es voire des vomissements.&nbsp;<br>\n                  <br>\u00c9trangement, durant la chimio de mon mari, il n\u2019en fut rien. Il a toutefois eu un d\u00e9go\u00fbt des plateaux repas de l\u2019h\u00f4pital, leurs odeurs lui \u00e9tant devenues insupportables.\nLe personnel hospitalier nous avait autoris\u00e9s \u00e0 amener de la nourriture de la maison durant ses s\u00e9jours de traitement en h\u00f4pital. Je crois que je n'ai jamais autant pr\u00e9par\u00e9 de tartiflette qui \u00e9tait devenue son repas pr\u00e9f\u00e9r\u00e9.&nbsp;<br>\n                  <br>\u00c0 la maison, il mangeait une pleine assiette de frites avant d\u2019avaler son repas du soir. Bref, il n\u2019aimait que la nourriture grasse et trop sal\u00e9e.\nR\u00e9sultat : \u00c0 la troisi\u00e8me s\u00e9rie de chimio, il avait pris 8 kilos ! Il faisait de la r\u00e9tention d\u2019eau.&nbsp;<br>\n                  <br>Les 4 premiers kilos ont \u00e9t\u00e9 perdus en quelques jours gr\u00e2ce \u00e0 la prescription d\u2019un comprim\u00e9 miracle nomm\u00e9 Lasilix. Avec ce cachet, l\u2019envie d\u2019aller aux toilettes ne se fait pas attendre et vous avez moins de 10 secondes pour vous y rendre.<br>\n                  <br>Par contre, les 4 derniers kilos ont mis quelques mois avant de dispara\u00eetre.\nJe tenais \u00e0 vous faire part de mon \u00e9tonnement face \u00e0 cette liaison particuli\u00e8re entre le traitement et la nourriture qu\u2019a v\u00e9cu mon \u00e9poux. Yves est en r\u00e9mission depuis lors.&nbsp;<br>\n                  <br>Il fait l\u2019objet d\u2019une surveillance m\u00e9dicale par un contr\u00f4le tous les 2 ans. Je pr\u00e9cise que nous avons 2 enfants dont 1, n\u00e9 3 ans apr\u00e8s son traitement.\n                <\/p>\n              <\/div>\n            <\/div>\n          <\/div>\n        <\/div>\n      <\/div>\n    <\/section>\n    \n    \n    \n  \n<\/div>","protected":false},"excerpt":{"rendered":"<p>Information utiles Les points cl\u00e9s &#8211; Cancer du p\u00e9nis Le cancer du p\u00e9nis est un cancer masculin rare, mais r\u00e9el, qui touche principalement les hommes de plus de 50 ans, tout en pouvant survenir \u00e0 tout \u00e2ge. &nbsp;Encore peu connu et souvent tabou, il est pourtant largement \u00e9vitable lorsqu\u2019il est d\u00e9tect\u00e9 t\u00f4t et pris en [&hellip;]<\/p>\n","protected":false},"author":1,"featured_media":0,"parent":0,"menu_order":0,"comment_status":"closed","ping_status":"closed","template":"","meta":{"footnotes":""},"class_list":["post-914","page","type-page","status-publish","hentry"],"yoast_head":"<!-- This site is optimized with the Yoast SEO plugin v27.4 - https:\/\/yoast.com\/product\/yoast-seo-wordpress\/ -->\n<title>Cancer du p\u00e9nis : sympt\u00f4mes, pr\u00e9vention et accompagnement | CerHom<\/title>\n<meta name=\"description\" content=\"Le cancer du p\u00e9nis est rare mais souvent \u00e9vitable. Sympt\u00f4mes, facteurs de risque, pr\u00e9vention et accompagnement des patients par CerHom.\" \/>\n<meta name=\"robots\" content=\"index, follow, max-snippet:-1, max-image-preview:large, max-video-preview:-1\" \/>\n<link rel=\"canonical\" href=\"https:\/\/cerhom.fr\/cancer-du-penis\" \/>\n<meta property=\"og:locale\" content=\"fr_FR\" \/>\n<meta property=\"og:type\" content=\"article\" \/>\n<meta property=\"og:title\" content=\"Cancer du p\u00e9nis : sympt\u00f4mes, pr\u00e9vention et accompagnement | CerHom\" \/>\n<meta property=\"og:description\" content=\"Le cancer du p\u00e9nis est rare mais souvent \u00e9vitable. Sympt\u00f4mes, facteurs de risque, pr\u00e9vention et accompagnement des patients par CerHom.\" \/>\n<meta property=\"og:url\" content=\"https:\/\/cerhom.fr\/cancer-du-penis\" \/>\n<meta property=\"og:site_name\" content=\"CerHom\" \/>\n<meta property=\"article:publisher\" content=\"https:\/\/www.facebook.com\/CerhomAsso\/\" \/>\n<meta property=\"article:modified_time\" content=\"2026-04-27T18:00:40+00:00\" \/>\n<meta name=\"twitter:card\" content=\"summary_large_image\" \/>\n<meta name=\"twitter:site\" content=\"@CerhomAsso\" \/>\n<meta name=\"twitter:label1\" content=\"Dur\u00e9e de lecture estim\u00e9e\" \/>\n\t<meta name=\"twitter:data1\" content=\"12 minutes\" \/>\n<script type=\"application\/ld+json\" class=\"yoast-schema-graph\">{\"@context\":\"https:\\\/\\\/schema.org\",\"@graph\":[{\"@type\":\"WebPage\",\"@id\":\"https:\\\/\\\/cerhom.fr\\\/index.php\\\/cancer-du-penis\\\/\",\"url\":\"https:\\\/\\\/cerhom.fr\\\/cancer-du-penis\",\"name\":\"Cancer du p\u00e9nis : sympt\u00f4mes, pr\u00e9vention et accompagnement | CerHom\",\"isPartOf\":{\"@id\":\"http:\\\/\\\/cerhom.fr\\\/#website\"},\"datePublished\":\"2026-01-08T17:31:21+00:00\",\"dateModified\":\"2026-04-27T18:00:40+00:00\",\"description\":\"Le cancer du p\u00e9nis est rare mais souvent \u00e9vitable. Sympt\u00f4mes, facteurs de risque, pr\u00e9vention et accompagnement des patients par CerHom.\",\"breadcrumb\":{\"@id\":\"https:\\\/\\\/cerhom.fr\\\/cancer-du-penis#breadcrumb\"},\"inLanguage\":\"fr-FR\",\"potentialAction\":[{\"@type\":\"ReadAction\",\"target\":[\"https:\\\/\\\/cerhom.fr\\\/cancer-du-penis\"]}]},{\"@type\":\"BreadcrumbList\",\"@id\":\"https:\\\/\\\/cerhom.fr\\\/cancer-du-penis#breadcrumb\",\"itemListElement\":[{\"@type\":\"ListItem\",\"position\":1,\"name\":\"Accueil\",\"item\":\"http:\\\/\\\/cerhom.fr\\\/\"},{\"@type\":\"ListItem\",\"position\":2,\"name\":\"Cancer du p\u00e9nis : sympt\u00f4mes, pr\u00e9vention et accompagnement | CerHom\"}]},{\"@type\":\"WebSite\",\"@id\":\"http:\\\/\\\/cerhom.fr\\\/#website\",\"url\":\"http:\\\/\\\/cerhom.fr\\\/\",\"name\":\"CerHom la fin du cancer le d\u00e9but de l'homme\",\"description\":\"\",\"publisher\":{\"@id\":\"http:\\\/\\\/cerhom.fr\\\/#organization\"},\"potentialAction\":[{\"@type\":\"SearchAction\",\"target\":{\"@type\":\"EntryPoint\",\"urlTemplate\":\"http:\\\/\\\/cerhom.fr\\\/?s={search_term_string}\"},\"query-input\":{\"@type\":\"PropertyValueSpecification\",\"valueRequired\":true,\"valueName\":\"search_term_string\"}}],\"inLanguage\":\"fr-FR\"},{\"@type\":\"Organization\",\"@id\":\"http:\\\/\\\/cerhom.fr\\\/#organization\",\"name\":\"CerHom\",\"url\":\"http:\\\/\\\/cerhom.fr\\\/\",\"logo\":{\"@type\":\"ImageObject\",\"inLanguage\":\"fr-FR\",\"@id\":\"http:\\\/\\\/cerhom.fr\\\/#\\\/schema\\\/logo\\\/image\\\/\",\"url\":\"http:\\\/\\\/cerhom.fr\\\/wp-content\\\/uploads\\\/2025\\\/10\\\/Logo-HD.png\",\"contentUrl\":\"http:\\\/\\\/cerhom.fr\\\/wp-content\\\/uploads\\\/2025\\\/10\\\/Logo-HD.png\",\"width\":1146,\"height\":795,\"caption\":\"CerHom\"},\"image\":{\"@id\":\"http:\\\/\\\/cerhom.fr\\\/#\\\/schema\\\/logo\\\/image\\\/\"},\"sameAs\":[\"https:\\\/\\\/www.facebook.com\\\/CerhomAsso\\\/\",\"https:\\\/\\\/x.com\\\/CerhomAsso\",\"https:\\\/\\\/www.instagram.com\\\/cerhomasso\\\/?hl=fr\",\"https:\\\/\\\/www.linkedin.com\\\/company\\\/cerhom\\\/?originalSubdomain=fr\"]}]}<\/script>\n<!-- \/ Yoast SEO plugin. -->","yoast_head_json":{"title":"Cancer du p\u00e9nis : sympt\u00f4mes, pr\u00e9vention et accompagnement | CerHom","description":"Le cancer du p\u00e9nis est rare mais souvent \u00e9vitable. Sympt\u00f4mes, facteurs de risque, pr\u00e9vention et accompagnement des patients par CerHom.","robots":{"index":"index","follow":"follow","max-snippet":"max-snippet:-1","max-image-preview":"max-image-preview:large","max-video-preview":"max-video-preview:-1"},"canonical":"https:\/\/cerhom.fr\/cancer-du-penis","og_locale":"fr_FR","og_type":"article","og_title":"Cancer du p\u00e9nis : sympt\u00f4mes, pr\u00e9vention et accompagnement | CerHom","og_description":"Le cancer du p\u00e9nis est rare mais souvent \u00e9vitable. Sympt\u00f4mes, facteurs de risque, pr\u00e9vention et accompagnement des patients par CerHom.","og_url":"https:\/\/cerhom.fr\/cancer-du-penis","og_site_name":"CerHom","article_publisher":"https:\/\/www.facebook.com\/CerhomAsso\/","article_modified_time":"2026-04-27T18:00:40+00:00","twitter_card":"summary_large_image","twitter_site":"@CerhomAsso","twitter_misc":{"Dur\u00e9e de lecture estim\u00e9e":"12 minutes"},"schema":{"@context":"https:\/\/schema.org","@graph":[{"@type":"WebPage","@id":"https:\/\/cerhom.fr\/index.php\/cancer-du-penis\/","url":"https:\/\/cerhom.fr\/cancer-du-penis","name":"Cancer du p\u00e9nis : sympt\u00f4mes, pr\u00e9vention et accompagnement | CerHom","isPartOf":{"@id":"http:\/\/cerhom.fr\/#website"},"datePublished":"2026-01-08T17:31:21+00:00","dateModified":"2026-04-27T18:00:40+00:00","description":"Le cancer du p\u00e9nis est rare mais souvent \u00e9vitable. Sympt\u00f4mes, facteurs de risque, pr\u00e9vention et accompagnement des patients par CerHom.","breadcrumb":{"@id":"https:\/\/cerhom.fr\/cancer-du-penis#breadcrumb"},"inLanguage":"fr-FR","potentialAction":[{"@type":"ReadAction","target":["https:\/\/cerhom.fr\/cancer-du-penis"]}]},{"@type":"BreadcrumbList","@id":"https:\/\/cerhom.fr\/cancer-du-penis#breadcrumb","itemListElement":[{"@type":"ListItem","position":1,"name":"Accueil","item":"http:\/\/cerhom.fr\/"},{"@type":"ListItem","position":2,"name":"Cancer du p\u00e9nis : sympt\u00f4mes, pr\u00e9vention et accompagnement | CerHom"}]},{"@type":"WebSite","@id":"http:\/\/cerhom.fr\/#website","url":"http:\/\/cerhom.fr\/","name":"CerHom la fin du cancer le d\u00e9but de l'homme","description":"","publisher":{"@id":"http:\/\/cerhom.fr\/#organization"},"potentialAction":[{"@type":"SearchAction","target":{"@type":"EntryPoint","urlTemplate":"http:\/\/cerhom.fr\/?s={search_term_string}"},"query-input":{"@type":"PropertyValueSpecification","valueRequired":true,"valueName":"search_term_string"}}],"inLanguage":"fr-FR"},{"@type":"Organization","@id":"http:\/\/cerhom.fr\/#organization","name":"CerHom","url":"http:\/\/cerhom.fr\/","logo":{"@type":"ImageObject","inLanguage":"fr-FR","@id":"http:\/\/cerhom.fr\/#\/schema\/logo\/image\/","url":"http:\/\/cerhom.fr\/wp-content\/uploads\/2025\/10\/Logo-HD.png","contentUrl":"http:\/\/cerhom.fr\/wp-content\/uploads\/2025\/10\/Logo-HD.png","width":1146,"height":795,"caption":"CerHom"},"image":{"@id":"http:\/\/cerhom.fr\/#\/schema\/logo\/image\/"},"sameAs":["https:\/\/www.facebook.com\/CerhomAsso\/","https:\/\/x.com\/CerhomAsso","https:\/\/www.instagram.com\/cerhomasso\/?hl=fr","https:\/\/www.linkedin.com\/company\/cerhom\/?originalSubdomain=fr"]}]}},"_links":{"self":[{"href":"https:\/\/cerhom.fr\/index.php\/wp-json\/wp\/v2\/pages\/914","targetHints":{"allow":["GET"]}}],"collection":[{"href":"https:\/\/cerhom.fr\/index.php\/wp-json\/wp\/v2\/pages"}],"about":[{"href":"https:\/\/cerhom.fr\/index.php\/wp-json\/wp\/v2\/types\/page"}],"author":[{"embeddable":true,"href":"https:\/\/cerhom.fr\/index.php\/wp-json\/wp\/v2\/users\/1"}],"replies":[{"embeddable":true,"href":"https:\/\/cerhom.fr\/index.php\/wp-json\/wp\/v2\/comments?post=914"}],"version-history":[{"count":12,"href":"https:\/\/cerhom.fr\/index.php\/wp-json\/wp\/v2\/pages\/914\/revisions"}],"predecessor-version":[{"id":1735,"href":"https:\/\/cerhom.fr\/index.php\/wp-json\/wp\/v2\/pages\/914\/revisions\/1735"}],"wp:attachment":[{"href":"https:\/\/cerhom.fr\/index.php\/wp-json\/wp\/v2\/media?parent=914"}],"curies":[{"name":"wp","href":"https:\/\/api.w.org\/{rel}","templated":true}]}}